{"id":2311,"date":"2025-01-11T18:58:18","date_gmt":"2025-01-11T16:58:18","guid":{"rendered":"https:\/\/avocatkisiulia.ro\/?page_id=2311"},"modified":"2026-02-19T14:59:04","modified_gmt":"2026-02-19T12:59:04","slug":"adatkezelesi-tajekoztato","status":"publish","type":"page","link":"https:\/\/avocatkisiulia.ro\/hu\/adatkezelesi-tajekoztato\/","title":{"rendered":"Adatkezel\u00e9si t\u00e1j\u00e9koztat\u00f3"},"content":{"rendered":"\n<h1 class=\"wp-block-heading has-text-align-center\"><strong>Adatkezel\u00e9si t\u00e1j\u00e9koztat\u00f3<\/strong><\/h1>\n\n\n<style>.kb-row-layout-id2311_3e8021-fe > .kt-row-column-wrap{align-content:start;}:where(.kb-row-layout-id2311_3e8021-fe > .kt-row-column-wrap) > .wp-block-kadence-column{justify-content:start;}.kb-row-layout-id2311_3e8021-fe > .kt-row-column-wrap{column-gap:var(--global-kb-gap-md, 2rem);row-gap:var(--global-kb-gap-md, 2rem);max-width:var( --global-content-width, 1290px );padding-left:var(--global-content-edge-padding);padding-right:var(--global-content-edge-padding);padding-top:var(--global-kb-spacing-sm, 1.5rem);padding-bottom:var(--global-kb-spacing-sm, 1.5rem);grid-template-columns:minmax(0, 1fr);}.kb-row-layout-id2311_3e8021-fe > .kt-row-layout-overlay{opacity:0.30;}@media all and (max-width: 1024px){.kb-row-layout-id2311_3e8021-fe > .kt-row-column-wrap{grid-template-columns:minmax(0, 1fr);}}@media all and (max-width: 767px){.kb-row-layout-id2311_3e8021-fe > .kt-row-column-wrap{grid-template-columns:minmax(0, 1fr);}}<\/style><div class=\"kb-row-layout-wrap kb-row-layout-id2311_3e8021-fe alignnone wp-block-kadence-rowlayout\"><div class=\"kt-row-column-wrap kt-has-1-columns kt-row-layout-equal kt-tab-layout-inherit kt-mobile-layout-row kt-row-valign-top kb-theme-content-width\">\n<style>.kadence-column2311_6c3fac-b0 > .kt-inside-inner-col,.kadence-column2311_6c3fac-b0 > .kt-inside-inner-col:before{border-top-left-radius:0px;border-top-right-radius:0px;border-bottom-right-radius:0px;border-bottom-left-radius:0px;}.kadence-column2311_6c3fac-b0 > .kt-inside-inner-col{column-gap:var(--global-kb-gap-sm, 1rem);}.kadence-column2311_6c3fac-b0 > .kt-inside-inner-col{flex-direction:column;}.kadence-column2311_6c3fac-b0 > .kt-inside-inner-col > .aligncenter{width:100%;}.kadence-column2311_6c3fac-b0 > .kt-inside-inner-col:before{opacity:0.3;}.kadence-column2311_6c3fac-b0{position:relative;}@media all and (max-width: 1024px){.kadence-column2311_6c3fac-b0 > .kt-inside-inner-col{flex-direction:column;justify-content:center;}}@media all and (max-width: 767px){.kadence-column2311_6c3fac-b0 > .kt-inside-inner-col{flex-direction:column;justify-content:center;}}<\/style>\n<div class=\"wp-block-kadence-column kadence-column2311_6c3fac-b0\"><div class=\"kt-inside-inner-col\">\n<p>A jelen adatkezel\u00e9si t\u00e1j\u00e9koztat\u00f3 c\u00e9lja, hogy \u00d6n, mint a t\u00e1j\u00e9koztat\u00f3ban foglalt adatkezel\u00e9si m\u0171velet \u00e9rintettje, a szem\u00e9lyes adatainak kezel\u00e9s\u00e9vel kapcsolatos t\u00e1j\u00e9koztat\u00e1st kapjon az Eur\u00f3pai Parlament \u00e9s a Tan\u00e1cs 2016\/679 rendelet\u00e9nek (a \u201e<strong>GDPR<\/strong>\u201d), valamint az a szem\u00e9lyek v\u00e9delm\u00e9re \u00e9s a szem\u00e9lyes adatok feldolgoz\u00e1sa \u00e9s az ilyen adatok szabad mozg\u00e1s\u00e1ra vonatkoz\u00f3 677\/2001-es t\u00f6rv\u00e9ny rendelkez\u00e9seivel \u00f6sszhangban.<\/p>\n\n\n\n<p>Kis J\u00falia \u00dcgyv\u00e9di Iroda (tov\u00e1bbiakban Adatkezel\u0151) minden t\u0151le \u00e9sszer\u0171en elv\u00e1rhat\u00f3 int\u00e9zked\u00e9st megtesz az \u00e1ltala kezelt szem\u00e9lyes adatok biztons\u00e1ga \u00e9rdek\u00e9ben.<\/p>\n\n\n\n<p><em>K\u00e9rj\u00fck, hogy Weboldalunk haszn\u00e1lata el\u0151tt sz\u00edveskedjen elolvasni a jelen Adatv\u00e9delmi T\u00e1j\u00e9koztat\u00f3t, mely k\u00f6z\u00e9rthet\u0151 m\u00f3don tartalmazza, mik\u00e9nt kezelj\u00fck szem\u00e9lyes adatait!<\/em><\/p>\n\n\n\n<p><em>Az Adatv\u00e9delmi Nyilatkozatban az Adatkezel\u0151 egy\u00e9rtelm\u0171en \u00e9s r\u00e9szletesen t\u00e1j\u00e9koztatja az \u00e9rintetteket az adatok kezel\u00e9s\u00e9vel kapcsolatos minden fontos t\u00e9nyr\u0151l.<\/em><\/p>\n\n\n\n<p>Az adatkezel\u00e9s megkezd\u00e9se el\u0151tt T\u00e1j\u00e9koztatjuk \u00d6n\u00f6ket arr\u00f3l, az adatkezel\u00e9s minden esetben az \u00e9rintett hozz\u00e1j\u00e1rul\u00e1s\u00e1n alapul. A Weblap haszn\u00e1lat\u00e1val, mint Felhaszn\u00e1l\u00f3 kifejezetten hozz\u00e1j\u00e1rul ahhoz, hogy az Adatkezel\u0151 az \u00d6n szem\u00e9lyes adatait jelen Adatv\u00e9delmi T\u00e1j\u00e9koztat\u00f3 keretein bel\u00fcl, a hat\u00e1lyos rom\u00e1n jogszab\u00e1lyoknak megfelel\u0151en kezelje, \u00e9s a jelen dokumentumban r\u00f6gz\u00edtett terjedelemben, m\u00f3don \u00e9s id\u0151tartamban felhaszn\u00e1lja.<\/p>\n\n\n\n<p>A weboldal tartalmaz m\u00e1s weboldalakra mutat\u00f3 linkeket, amelyek tartalm\u00e1t nem mi ellen\u0151rizz\u00fck, ez\u00e9rt az \u00dcgyv\u00e9di Iroda nem v\u00e1llal \u00e9s nem is tud felel\u0151ss\u00e9get v\u00e1llalni ezen weboldalak tartalm\u00e1\u00e9rt, nem felel az inform\u00e1ci\u00f3v\u00e9delmi strat\u00e9gi\u00e1k\u00e9rt vagy m\u00e1s weboldalak tartalm\u00e1\u00e9rt. A Kis J\u00falia \u00dcgyv\u00e9di Iroda v\u00e1llalja, hogy nem ad ki semmilyen inform\u00e1ci\u00f3t az \u00d6n l\u00e1togat\u00e1sair\u00f3l vagy a weboldalon v\u00e9gzett tev\u00e9kenys\u00e9g\u00e9r\u0151l, kiv\u00e9ve, ha azt a t\u00f6rv\u00e9ny el\u0151\u00edrja.<\/p>\n\n\n\n<p><strong>Adatkezel\u0151<\/strong><\/p>\n\n\n\n<p><strong>Kis J\u00falia \u00dcgyv\u00e9di Iroda <\/strong><strong><\/strong><\/p>\n\n\n\n<p><strong>Sz\u00e9khely: Kolozsv\u00e1r, I.P.<\/strong><strong>Voite\u0219ti<\/strong><strong> utca, 1-3 sz\u00e1m, 1 ap., Kolozs megye, Rom\u00e1nia,<\/strong><\/p>\n\n\n\n<p><strong>E-mail: <\/strong>office@avocatkisiulia.ro<\/p>\n\n\n\n<p><strong>Felhaszn\u00e1l\u00f3k k\u00f6re<\/strong><\/p>\n\n\n\n<p>Felhaszn\u00e1l\u00f3 a Weblap szolg\u00e1ltat\u00e1sait ig\u00e9nybevev\u0151, b\u00e1rmely meghat\u00e1rozott, szem\u00e9lyes adat alapj\u00e1n azonos\u00edtott vagy \u2013 k\u00f6zvetlen\u00fcl vagy k\u00f6zvetve \u2013 azonos\u00edthat\u00f3 term\u00e9szetes szem\u00e9ly.<\/p>\n\n\n\n<p><strong>A kezelt szem\u00e9lyes adatok k\u00f6re<\/strong><\/p>\n\n\n\n<p>Az Adatkezel\u0151 \u00e1ltal kezelt szem\u00e9lyes adatok k\u00f6r\u00e9t k\u00e9pezik az al\u00e1bbiak:<\/p>\n\n\n\n<p>A Kis J\u00falia \u00dcgyv\u00e9di Iroda a weboldalon kereszt\u00fcl olyan adatokat gy\u0171jthet a weboldal l\u00e1togat\u00f3ir\u00f3l, mint a haszn\u00e1lt b\u00f6ng\u00e9sz\u0151 t\u00edpusa \u00e9s verzi\u00f3ja, a haszn\u00e1lt oper\u00e1ci\u00f3s rendszer, a weboldal, amelyr\u0151l a hozz\u00e1f\u00e9r\u00e9si rendszer el\u00e9ri a weboldalunkat, az alweboldalak, a weboldalhoz val\u00f3 hozz\u00e1f\u00e9r\u00e9s d\u00e1tuma \u00e9s id\u0151pontja, az Internet Protocol c\u00edm (IP-c\u00edm), a hozz\u00e1f\u00e9r\u00e9si rendszer internetszolg\u00e1ltat\u00f3ja \u00e9s b\u00e1rmely m\u00e1s hasonl\u00f3 adat \u00e9s inform\u00e1ci\u00f3. Ezek az inform\u00e1ci\u00f3k sz\u00fcks\u00e9gesek a weboldal megfelel\u0151 tartalm\u00e1nak szolg\u00e1ltat\u00e1s\u00e1hoz, a weboldal tartalm\u00e1nak, valamint a weboldalon megjelen\u0151 hirdet\u00e9sek optimaliz\u00e1l\u00e1s\u00e1hoz, az informatikai rendszerek \u00e9s a weboldal technol\u00f3gi\u00e1j\u00e1nak hossz\u00fa t\u00e1v\u00fa \u00e9letk\u00e9pess\u00e9g\u00e9nek biztos\u00edt\u00e1s\u00e1hoz, valamint ahhoz, hogy a b\u0171n\u00fcld\u00f6z\u0151 hat\u00f3s\u00e1gok sz\u00e1m\u00e1ra a b\u0171n\u00fcld\u00f6z\u00e9shez sz\u00fcks\u00e9ges inform\u00e1ci\u00f3kat szolg\u00e1ltassunk kibert\u00e1mad\u00e1s eset\u00e9n. Ez\u00e9rt az adatv\u00e9delem \u00e9s az adatbiztons\u00e1g n\u00f6vel\u00e9se, valamint az \u00e1ltalunk feldolgozott szem\u00e9lyes adatok optim\u00e1lis szint\u0171 v\u00e9delm\u00e9nek biztos\u00edt\u00e1sa \u00e9rdek\u00e9ben statisztikailag elemezz\u00fck az anonim m\u00f3don gy\u0171jt\u00f6tt adatokat \u00e9s inform\u00e1ci\u00f3kat. A Kis J\u00falia \u00dcgyv\u00e9di Iroda nem k\u00e9r szem\u00e9lyes adatokat a felhaszn\u00e1l\u00f3kt\u00f3l (nincs lehet\u0151s\u00e9g fi\u00f3kok l\u00e9trehoz\u00e1s\u00e1ra vagy egy\u00e9b olyan \u0171rlapok l\u00e9trehoz\u00e1s\u00e1ra, amelyek k\u00fcl\u00f6nb\u00f6z\u0151 adatok, p\u00e9ld\u00e1ul n\u00e9v, telefonsz\u00e1m, el\u00e9rhet\u0151s\u00e9gi c\u00edm megad\u00e1s\u00e1t ig\u00e9nyeln\u00e9k), de amennyiben a felhaszn\u00e1l\u00f3k e-mailben, telefonon stb. l\u00e9pnek kapcsolatba az \u00dcgyv\u00e9di Irod\u00e1val \u00e9s szem\u00e9lyes adatokat adnak meg, azokat az \u00dcgyv\u00e9di Iroda bels\u0151 szab\u00e1lyzat\u00e1nak megfelel\u0151en kezelj\u00fck.<\/p>\n\n\n\n<p>Az \u00dcgyv\u00e9di Iroda inform\u00e1ci\u00f3kat gy\u0171jthet a felhaszn\u00e1l\u00f3kr\u00f3l a honlapot \u00fczemeltet\u0151 szerverek \u00e1ltal r\u00f6gz\u00edtett forgalmi jelent\u00e9sekb\u0151l, valamint s\u00fctik seg\u00edts\u00e9g\u00e9vel.<\/p>\n\n\n\n<p>A szerver forgalmi jelent\u00e9s\u00e9ben szerepl\u0151 inform\u00e1ci\u00f3k az \u00d6n IP-c\u00edme, a webhelyen tett l\u00e1togat\u00e1s\u00e1nak id\u0151pontja, valamint az, hogy honnan l\u00e1togatta meg a webhely\u00fcnket. Az oldal csak a weboldal megfelel\u0151 m\u0171k\u00f6d\u00e9s\u00e9hez sz\u00fcks\u00e9ges cookie-kat haszn\u00e1lja.<\/p>\n\n\n\n<p><strong>A szem\u00e9lyes adatok kezel\u00e9s\u00e9nek c\u00e9lja \u00e9s jogalapja<\/strong><\/p>\n\n\n\n<p>Adatkezel\u00e9si c\u00e9lok:<\/p>\n\n\n\n<p>A felhaszn\u00e1l\u00f3k \u00e9s az oldal l\u00e1togat\u00f3inak szem\u00e9lyes adatait a k\u00f6vetkez\u0151 c\u00e9lokra haszn\u00e1ljuk fel: szolg\u00e1ltat\u00e1saink bemutat\u00e1sa az \u00d6n sz\u00e1m\u00e1ra, statisztikai elemz\u00e9si c\u00e9lokra, amelyek nem j\u00e1rnak egy\u00e9ni profilok l\u00e9trehoz\u00e1s\u00e1val, jogi k\u00f6telezetts\u00e9geink teljes\u00edt\u00e9se. A megjel\u00f6lt c\u00e9lb\u00f3l gy\u0171jt\u00f6tt szem\u00e9lyes adatokat m\u00e1s c\u00e9lokra nem dolgozzuk fel, kiv\u00e9ve az \u00e9rintett kifejezett beleegyez\u00e9s\u00e9vel.<\/p>\n\n\n\n<p><strong>Az Adatkezel\u00e9s jogalapja:<\/strong><\/p>\n\n\n\n<p>A szem\u00e9lyes adatok fenti c\u00e9l\u00fa feldolgoz\u00e1s\u00e1nak jogalapja a weboldalon kereszt\u00fcl t\u00f6rt\u00e9n\u0151 m\u0171veletekb\u0151l ered\u0151 jogi k\u00f6telezetts\u00e9gek, az \u00dcgyv\u00e9di Iroda jogos \u00e9rdeke a szolg\u00e1ltat\u00e1sainak bemutat\u00e1s\u00e1hoz \u00e9s a weboldal megfelel\u0151 m\u0171k\u00f6d\u00e9s\u00e9hez, valamint a felhaszn\u00e1l\u00f3k hozz\u00e1j\u00e1rul\u00e1sa.<\/p>\n\n\n\n<p><strong>Az Adatkezel\u00e9s id\u0151tartama<\/strong><\/p>\n\n\n\n<p>A Felhaszn\u00e1l\u00f3 hozz\u00e1j\u00e1rul\u00e1sa alapj\u00e1n megadott szem\u00e9lyes adatokat az Adatkezel\u0151 az adatkezel\u00e9s c\u00e9lj\u00e1nak megval\u00f3sul\u00e1s\u00e1ig, illet\u0151leg a Felhaszn\u00e1l\u00f3 hozz\u00e1j\u00e1rul\u00e1sa visszavon\u00e1s\u00e1ig kezeli. Az Adatkezel\u0151 a Felhaszn\u00e1l\u00f3 jelentkez\u00e9se sor\u00e1n megadott szem\u00e9lyes adatait a Weblap ig\u00e9nybev\u00e9tel\u00e9nek megsz\u0171n\u00e9s\u00e9ig kezeli.<\/p>\n\n\n\n<p>A szem\u00e9lyes adatok t\u00e1rol\u00e1s\u00e1nak id\u0151tartama a t\u00f6rv\u00e9ny \u00e1ltal el\u0151\u00edrt meg\u0151rz\u00e9si id\u0151szak. Ezen id\u0151szak lej\u00e1rta ut\u00e1n a megfelel\u0151 adatokat rutinszer\u0171en t\u00f6r\u00f6lni kell, amennyiben azokra m\u00e1r nincs sz\u00fcks\u00e9g ahhoz a c\u00e9lhoz, amelyhez azokat gy\u0171jt\u00f6tt\u00e9k. Azokban az esetekben, amikor nincs jogi k\u00f6telezetts\u00e9g az \u00f6sszegy\u0171jt\u00f6tt szem\u00e9lyes adatok meg\u0151rz\u00e9s\u00e9re, azokat legfeljebb 3 \u00e9vig t\u00e1rolj\u00e1k.<\/p>\n\n\n\n<p>Ha jogi k\u00e9rd\u00e9ssel vagy probl\u00e9m\u00e1val fordul hozz\u00e1nk, szem\u00e9lyes adatait a megkeres\u00e9s feldolgoz\u00e1s\u00e1hoz sz\u00fcks\u00e9ges ideig, de legfeljebb az utols\u00f3 elk\u00fcld\u00f6tt levelez\u00e9st\u0151l, illetve a jogi seg\u00edts\u00e9gny\u00fajt\u00e1si szerz\u0151d\u00e9s t\u00e1rgy\u00e1t k\u00e9pez\u0151 jogvita lez\u00e1r\u00e1s\u00e1t\u00f3l sz\u00e1m\u00edtott 3 \u00e9vig \u0151rizz\u00fck meg.<\/p>\n\n\n\n<p>Amennyiben s\u00fctiket t\u00e1rolunk az \u00d6n sz\u00e1m\u00edt\u00f3g\u00e9p\u00e9n, azokat a c\u00e9ljuk el\u00e9r\u00e9s\u00e9hez sz\u00fcks\u00e9ges ideig, de legfeljebb 3 \u00e9vig \u0151rizz\u00fck meg.<\/p>\n\n\n\n<p><strong>Adattov\u00e1bb\u00edt\u00e1s, adatok \u00f6sszekapcsol\u00e1sa<\/strong><\/p>\n\n\n\n<p>Az Adatkezel\u0151 nem ad el, nem ad b\u00e9rbe \u00e9s semmilyen form\u00e1ban nem bocs\u00e1jt rendelkez\u00e9s\u00e9re a Felhaszn\u00e1l\u00f3ra vonatkoz\u00f3 szem\u00e9lyes adatokat illetve inform\u00e1ci\u00f3kat m\u00e1s c\u00e9gnek, mag\u00e1nszem\u00e9lynek, kiv\u00e9ve a sz\u00e1mviteli k\u00f6telezetts\u00e9g teljes\u00edt\u00e9s\u00e9hez sz\u00fcks\u00e9ges adatszolg\u00e1ltat\u00e1st.<\/p>\n\n\n\n<p>Az Adatkezel\u0151 a t\u0151le elv\u00e1rhat\u00f3 m\u00f3don gondoskodik az adatok megfelel\u0151 biztons\u00e1g\u00e1r\u00f3l, \u00e9s megteszi azokat a technikai \u00e9s szervez\u00e9si int\u00e9zked\u00e9seket, melyek az adatv\u00e9delmi szab\u00e1lyok \u00e9s elvek \u00e9rv\u00e9nyre juttat\u00e1s\u00e1t garant\u00e1lj\u00e1k \u00e9s a szem\u00e9lyes adatok biztons\u00e1g\u00e1t el\u0151seg\u00edtik.<\/p>\n\n\n\n<p>T\u00e1j\u00e9koztatjuk a Tisztelt Felhaszn\u00e1l\u00f3kat arr\u00f3l, hogy az Adatkezel\u0151 szem\u00e9lyes adatot kiz\u00e1r\u00f3lag az \u00e9rintett hozz\u00e1j\u00e1rul\u00e1s\u00e1val tov\u00e1bb\u00edt harmadik szem\u00e9lynek vagy szem\u00e9lyeknek.<\/p>\n\n\n\n<p><strong>Felhaszn\u00e1l\u00f3k szem\u00e9lyes adatok kezel\u00e9s\u00e9vel kapcsolatos jogaik, jog\u00e9rv\u00e9nyes\u00edt\u00e9si \u00e9s jogorvoslati lehet\u0151s\u00e9gek<\/strong><\/p>\n\n\n\n<p>A Felhaszn\u00e1l\u00f3nak lehet\u0151s\u00e9ge van az Adatkezel\u0151n\u00e9l szem\u00e9lyes adatai kezel\u00e9s\u00e9r\u0151l t\u00e1j\u00e9koztat\u00e1st k\u00e9rnie, ezen k\u00edv\u00fcl a Felhaszn\u00e1l\u00f3 k\u00e9rheti szem\u00e9lyes adatainak helyesb\u00edt\u00e9s\u00e9t, valamint szem\u00e9lyes adatainak t\u00f6rl\u00e9s\u00e9t, vagy z\u00e1rol\u00e1s\u00e1t.<\/p>\n\n\n\n<p>A Felhaszn\u00e1l\u00f3 b\u00e1rmikor jogosult \u00edr\u00e1sban, az Adatkezel\u0151 \u00e1ltal a jelen Adatv\u00e9delmi Nyilatkozatban megjel\u00f6lt el\u00e9rhet\u0151s\u00e9gein t\u00e1j\u00e9koztat\u00e1st k\u00e9rni az Adatkezel\u0151 \u00e1ltal kezelt, re\u00e1 vonatkoz\u00f3 szem\u00e9lyes adatokr\u00f3l, valamint ugyan\u00edgy b\u00e1rmikor k\u00e9relmezheti azok m\u00f3dos\u00edt\u00e1s\u00e1t. Az Adatkezel\u0151 a k\u00e9relem beny\u00fajt\u00e1s\u00e1t\u00f3l sz\u00e1m\u00edtott legfeljebb 30 napon bel\u00fcl adja meg a k\u00e9rt t\u00e1j\u00e9koztat\u00e1st.<\/p>\n\n\n\n<p>Amennyiben a Felhaszn\u00e1l\u00f3 \u00edr\u00e1sban k\u00e9relmezi, az Adatkezel\u0151 t\u00e1j\u00e9koztat\u00e1st ny\u00fajt r\u00e9sz\u00e9re a Felhaszn\u00e1l\u00f3 Adatkezel\u0151 \u00e1ltal kezelt, illetve \u2013 ha van ilyen- az \u00e1ltala vagy rendelkez\u00e9se szerint megb\u00edzott adatfeldolgoz\u00f3 \u00e1ltal feldolgozott adatair\u00f3l.<\/p>\n\n\n\n<p>Az Adatkezel\u0151 ezen k\u00edv\u00fcl, ilyen ir\u00e1ny\u00fa k\u00e9relem alapj\u00e1n \u00edr\u00e1sban t\u00e1j\u00e9koztat\u00e1st ny\u00fajt az \u00e1ltala kezelt szem\u00e9lyes adatok forr\u00e1s\u00e1r\u00f3l, az adatkezel\u00e9s c\u00e9lj\u00e1r\u00f3l, jogalapj\u00e1r\u00f3l, id\u0151tartam\u00e1r\u00f3l, az adatfeldolgoz\u00f3 nev\u00e9r\u0151l, c\u00edm\u00e9r\u0151l \u00e9s az adatkezel\u00e9ssel \u00f6sszef\u00fcgg\u0151 tev\u00e9kenys\u00e9g\u00e9r\u0151l, az adatv\u00e9delmi incidens k\u00f6r\u00fclm\u00e9nyeir\u0151l, hat\u00e1sair\u00f3l \u00e9s az elh\u00e1r\u00edt\u00e1s\u00e1ra megtett int\u00e9zked\u00e9sekr\u0151l, tov\u00e1bb\u00e1 \u2013 az \u00e9rintett szem\u00e9lyes adatainak tov\u00e1bb\u00edt\u00e1sa eset\u00e9n \u2013 az adattov\u00e1bb\u00edt\u00e1s jogalapj\u00e1r\u00f3l \u00e9s c\u00edmzettj\u00e9r\u0151l.<\/p>\n\n\n\n<p>Felhaszn\u00e1l\u00f3 az al\u00e1bbi el\u00e9rhet\u0151s\u00e9geken jogosult a t\u00e1j\u00e9koztat\u00e1st, m\u00f3dos\u00edt\u00e1st, vagy t\u00f6rl\u00e9st k\u00e9relmezni:<\/p>\n\n\n\n<p>E-mail c\u00edm:&nbsp;office@avocatkisiulia.ro<\/p>\n\n\n\n<p>Amennyiben a Felhaszn\u00e1l\u00f3 \u00fagy \u00e9rzi, a szem\u00e9lyes adatok kezel\u00e9s\u00e9vel kapcsolatos jogainak esetlegesen s\u00e9r\u00fcltek, k\u00e9rj\u00fck, jelezze nek\u00fcnk \u00edr\u00e1sban az Adatkezel\u0151 fentiekben megadott el\u00e9rhet\u0151s\u00e9gein!<\/p>\n\n\n\n<p>A jelen Adatv\u00e9delmi Nyilatkozat elk\u00e9sz\u00edt\u00e9se sor\u00e1n, valamint a Felhaszn\u00e1l\u00f3k szem\u00e9lyes adatainak kezel\u00e9sekor az Adatkezel\u0151 a hat\u00e1lyos rom\u00e1n jogszab\u00e1lyok betart\u00e1s\u00e1val, \u00e9s a vonatkoz\u00f3 uni\u00f3s norm\u00e1k figyelembev\u00e9tel\u00e9vel j\u00e1r el.<\/p>\n\n\n\n<p><strong>A s\u00fctik haszn\u00e1lata az oldalon<\/strong><strong><\/strong><\/p>\n\n\n\n<p>A weboldal alapvet\u0151en s\u00fctiket haszn\u00e1l, amelyek a weboldal m\u0171k\u00f6d\u00e9s\u00e9hez sz\u00fcks\u00e9gesek. A cookie-kon kereszt\u00fcl gy\u0171jt\u00f6tt inform\u00e1ci\u00f3k felhaszn\u00e1l\u00e1s\u00e1nak c\u00e9lja, hogy a tartalmat a felhaszn\u00e1l\u00f3 preferenci\u00e1ihoz (nyelv, form\u00e1tum stb.) igaz\u00edtva, relev\u00e1ns m\u00f3don jelen\u00edtse meg, \u00e9s hogy a felhaszn\u00e1l\u00f3 v\u00e1laszt\u00e1sait minden egyes alkalommal megjegyezze, amikor visszat\u00e9r a weboldalra. A s\u00fctik statisztikai c\u00e9lokra \u00e9s a felhaszn\u00e1l\u00f3 sz\u00e1m\u00e1ra relev\u00e1ns rekl\u00e1mtartalom megjelen\u00edt\u00e9s\u00e9re is felhaszn\u00e1lhat\u00f3k.<\/p>\n\n\n\n<p>A cookie-k felhaszn\u00e1lhat\u00f3k a felhaszn\u00e1l\u00f3 termin\u00e1lj\u00e1nak, a haszn\u00e1lt webb\u00f6ng\u00e9sz\u0151 t\u00edpus\u00e1nak, a cookie-kra vonatkoz\u00f3 b\u00f6ng\u00e9sz\u0151be\u00e1ll\u00edt\u00e1soknak (p\u00e9ld\u00e1ul a &#8222;Ne k\u00f6vess\u00fck nyomon&#8221; funkci\u00f3nak) \u00e9s egy\u00e9b inform\u00e1ci\u00f3knak az azonos\u00edt\u00e1s\u00e1ra, mint p\u00e9ld\u00e1ul az IP-c\u00edm (ha van ilyen), a ter\u00fclet \u00e9s az orsz\u00e1g, ahonnan a tartalomhoz hozz\u00e1f\u00e9rnek, a hozz\u00e1f\u00e9r\u00e9s gyakoris\u00e1ga stb. A s\u00fctik olyan sz\u00f6veges f\u00e1jlok, amelyeket az internetb\u00f6ng\u00e9sz\u0151 t\u00e1rol a sz\u00e1m\u00edt\u00f3g\u00e9pen. Sz\u00e1mos weboldal \u00e9s szerver haszn\u00e1l s\u00fctiket. Sok cookie \u00fagynevezett cookie-k\u00f3dot tartalmaz. A cookie-azonos\u00edt\u00f3 a cookie egyedi azonos\u00edt\u00f3ja. Egy olyan karaktersorozatb\u00f3l \u00e1ll, amely alapj\u00e1n az internetes oldalak \u00e9s szerverek hozz\u00e1rendelhet\u0151k ahhoz az internetes b\u00f6ng\u00e9sz\u0151h\u00f6z, amelyben a cookie-t t\u00e1rolt\u00e1k.<\/p>\n\n\n\n<p>Az \u00e9rintett b\u00e1rmikor megakad\u00e1lyozhatja a s\u00fctik aktiv\u00e1l\u00e1s\u00e1t a haszn\u00e1lt internetb\u00f6ng\u00e9sz\u0151 megfelel\u0151 be\u00e1ll\u00edt\u00e1s\u00e1val, \u00e9s \u00edgy v\u00e9glegesen megtagadhatja a s\u00fctik be\u00e1ll\u00edt\u00e1s\u00e1t. Ezenk\u00edv\u00fcl a m\u00e1r be\u00e1ll\u00edtott s\u00fctik b\u00e1rmikor t\u00f6r\u00f6lhet\u0151k az internetb\u00f6ng\u00e9sz\u0151 vagy m\u00e1s szoftver seg\u00edts\u00e9g\u00e9vel. Ez minden n\u00e9pszer\u0171 internetb\u00f6ng\u00e9sz\u0151ben lehets\u00e9ges. Ha az \u00e9rintett letiltja a s\u00fctik be\u00e1ll\u00edt\u00e1s\u00e1t a haszn\u00e1lt internetb\u00f6ng\u00e9sz\u0151ben, akkor a weboldal nem minden funkci\u00f3ja haszn\u00e1lhat\u00f3 teljes m\u00e9rt\u00e9kben. A haszn\u00e1lat sor\u00e1n automatikusan gy\u0171jthet\u00fcnk olyan inform\u00e1ci\u00f3kat, mint p\u00e9ld\u00e1ul az IP-c\u00edm, amelyr\u0151l \u00d6n a honlapra l\u00e9p, \u00e9s az \u00d6n \u00e1ltal haszn\u00e1lt b\u00f6ng\u00e9sz\u0151, valamint \u00d6n hozz\u00e1j\u00e1rul ahhoz, hogy bizonyos inform\u00e1ci\u00f3kat a sz\u00e1m\u00edt\u00f3g\u00e9p\u00e9n t\u00e1roljunk (&#8222;cookie-k&#8221;), mindezt annak \u00e9rdek\u00e9ben, hogy a honlap optim\u00e1lis el\u00e9r\u00e9s\u00e9t \u00e9s m\u0171k\u00f6d\u00e9s\u00e9t biztos\u00edtsuk az \u00d6n sz\u00e1m\u00e1ra.<\/p>\n\n\n\n<p>A weboldalon haszn\u00e1lt cookie-k \u00e9lettartama v\u00e1ltoz\u00f3, de nem haladja meg a 3 \u00e9vet. Minden cookie &#8222;first-party&#8221;, azaz nem adjuk tov\u00e1bb m\u00e1s k\u00fcls\u0151 c\u00e9geknek.<\/p>\n\n\n\n<p>Az alapvet\u0151 cookie-k olyan cookie-k, amelyek biztos\u00edtj\u00e1k a weboldal megfelel\u0151 m\u0171k\u00f6d\u00e9s\u00e9t, \u00e9s amelyek n\u00e9lk\u00fcl a weboldal nem tudna megfelel\u0151en m\u0171k\u00f6dni. Ezeket a cookie-kat el kell fogadni ahhoz, hogy a webhelyen \u00e9s az \u00f6sszes kapcsol\u00f3d\u00f3 oldalon \u00e9s aldomainen navig\u00e1lni lehessen.<\/p>\n\n\n\n<p><strong>T\u00e1j\u00e9koztat\u00e1s az adatfeldolgoz\u00e1s biztons\u00e1gi int\u00e9zked\u00e9seir\u0151l<\/strong><strong><\/strong><\/p>\n\n\n\n<p>Az \u00fcgyv\u00e9di iroda az \u00d6n szem\u00e9lyes adatainak felhaszn\u00e1l\u00e1sa sor\u00e1n a sz\u00fcks\u00e9ges technikai \u00e9s szervez\u00e9si int\u00e9zked\u00e9seket alkalmazza annak \u00e9rdek\u00e9ben, hogy biztos\u00edtsa azok biztons\u00e1g\u00e1t, \u00e9s megv\u00e9dje azokat a v\u00e9letlen vagy jogellenes megsemmis\u00edt\u00e9s, megv\u00e1ltoztat\u00e1s, nyilv\u00e1noss\u00e1gra hozatal vagy jogosulatlan hozz\u00e1f\u00e9r\u00e9s ellen.&nbsp;&nbsp;<\/p>\n\n\n\n<p>A szem\u00e9lyes adatok biztons\u00e1g\u00e1nak megs\u00e9rt\u00e9se eset\u00e9n az adatkezel\u0151 indokolatlan k\u00e9sedelem n\u00e9lk\u00fcl, \u00e9s ha lehets\u00e9ges, legk\u00e9s\u0151bb 72 \u00f3r\u00e1val a tudom\u00e1s\u00e1ra jut\u00e1st k\u00f6vet\u0151en \u00e9rtes\u00edti az illet\u00e9kes fel\u00fcgyeleti hat\u00f3s\u00e1got, kiv\u00e9ve, ha az val\u00f3sz\u00edn\u0171leg az egy\u00e9nek jogainak \u00e9s szabads\u00e1gainak vesz\u00e9lyeztet\u00e9s\u00e9vel j\u00e1rna. Ha az adatv\u00e9delmi incidens val\u00f3sz\u00edn\u0171s\u00edthet\u0151en magas kock\u00e1zattal j\u00e1r a term\u00e9szetes szem\u00e9lyek jogaira \u00e9s szabads\u00e1gaira n\u00e9zve, az adatkezel\u0151 indokolatlan k\u00e9sedelem n\u00e9lk\u00fcl t\u00e1j\u00e9koztatja az \u00e9rintettet az adatv\u00e9delmi incidensr\u0151l.<\/p>\n\n\n\n<p>Jelen adatv\u00e9delmi t\u00e1j\u00e9koztat\u00f3 b\u00e1rmikor m\u00f3dos\u00edthat\u00f3.<\/p>\n<\/div><\/div>\n\n<\/div><\/div>","protected":false},"excerpt":{"rendered":"<p>Adatkezel\u00e9si t\u00e1j\u00e9koztat\u00f3 \u00e9s a szem\u00e9lyes adatok v\u00e9delme \u2014 Kis Iulia \u00dcgyv\u00e9di Iroda, Kolozsv\u00e1r.<\/p>\n","protected":false},"author":1,"featured_media":0,"parent":0,"menu_order":0,"comment_status":"closed","ping_status":"open","template":"","meta":{"_kad_blocks_custom_css":"","_kad_blocks_head_custom_js":"","_kad_blocks_body_custom_js":"","_kad_blocks_footer_custom_js":"","_kadence_starter_templates_imported_post":false,"_kad_post_transparent":"","_kad_post_title":"","_kad_post_layout":"","_kad_post_sidebar_id":"","_kad_post_content_style":"","_kad_post_vertical_padding":"","_kad_post_feature":"","_kad_post_feature_position":"","_kad_post_header":false,"_kad_post_footer":false,"_kad_post_classname":"","footnotes":""},"class_list":["post-2311","page","type-page","status-publish","hentry"],"taxonomy_info":[],"featured_image_src_large":false,"author_info":{"display_name":"taki","author_link":"https:\/\/avocatkisiulia.ro\/hu\/author\/taki\/"},"comment_info":0,"_links":{"self":[{"href":"https:\/\/avocatkisiulia.ro\/hu\/wp-json\/wp\/v2\/pages\/2311","targetHints":{"allow":["GET"]}}],"collection":[{"href":"https:\/\/avocatkisiulia.ro\/hu\/wp-json\/wp\/v2\/pages"}],"about":[{"href":"https:\/\/avocatkisiulia.ro\/hu\/wp-json\/wp\/v2\/types\/page"}],"author":[{"embeddable":true,"href":"https:\/\/avocatkisiulia.ro\/hu\/wp-json\/wp\/v2\/users\/1"}],"replies":[{"embeddable":true,"href":"https:\/\/avocatkisiulia.ro\/hu\/wp-json\/wp\/v2\/comments?post=2311"}],"version-history":[{"count":4,"href":"https:\/\/avocatkisiulia.ro\/hu\/wp-json\/wp\/v2\/pages\/2311\/revisions"}],"predecessor-version":[{"id":2420,"href":"https:\/\/avocatkisiulia.ro\/hu\/wp-json\/wp\/v2\/pages\/2311\/revisions\/2420"}],"wp:attachment":[{"href":"https:\/\/avocatkisiulia.ro\/hu\/wp-json\/wp\/v2\/media?parent=2311"}],"curies":[{"name":"wp","href":"https:\/\/api.w.org\/{rel}","templated":true}]}}